{"id":11,"date":"2023-05-01T21:18:24","date_gmt":"2023-05-01T20:18:24","guid":{"rendered":"https:\/\/comitedesfetes-stdenisenval.fr\/?page_id=11"},"modified":"2023-05-02T21:12:45","modified_gmt":"2023-05-02T20:12:45","slug":"contact","status":"publish","type":"page","link":"https:\/\/comitedesfetes-stdenisenval.fr\/?page_id=11","title":{"rendered":"Contact"},"content":{"rendered":"\n<p class=\"wp-block-paragraph\">Vous pouvez nous contacter via les formulaire ci-dessous :<\/p>\n\n\n\n<hr class=\"wp-block-separator has-alpha-channel-opacity\"\/>\n\n\n\n<div class=\"wp-block-contact-form-7-contact-form-selector\">\n<div class=\"wpcf7 no-js\" id=\"wpcf7-f29-o1\" lang=\"fr-FR\" dir=\"ltr\">\n<div class=\"screen-reader-response\"><p role=\"status\" aria-live=\"polite\" aria-atomic=\"true\"><\/p> <ul><\/ul><\/div>\n<form action=\"\/index.php?rest_route=%2Fwp%2Fv2%2Fpages%2F11#wpcf7-f29-o1\" method=\"post\" class=\"wpcf7-form init\" aria-label=\"Formulaire de contact\" novalidate=\"novalidate\" data-status=\"init\">\n<div style=\"display: none;\">\n<input type=\"hidden\" name=\"_wpcf7\" value=\"29\" \/>\n<input type=\"hidden\" name=\"_wpcf7_version\" value=\"5.9.2\" \/>\n<input type=\"hidden\" name=\"_wpcf7_locale\" value=\"fr_FR\" \/>\n<input type=\"hidden\" name=\"_wpcf7_unit_tag\" value=\"wpcf7-f29-o1\" \/>\n<input type=\"hidden\" name=\"_wpcf7_container_post\" value=\"0\" \/>\n<input type=\"hidden\" name=\"_wpcf7_posted_data_hash\" value=\"\" \/>\n<\/div>\n<p><label> Votre nom &nbsp;&nbsp;&nbsp; <span class=\"wpcf7-form-control-wrap\" data-name=\"your-name\"><input size=\"40\" class=\"wpcf7-form-control wpcf7-text wpcf7-validates-as-required\" autocomplete=\"name\" aria-required=\"true\" aria-invalid=\"false\" value=\"\" type=\"text\" name=\"your-name\" \/><\/span> <\/label>\n<\/p>\n<p><label> Votre e-mail &nbsp;&nbsp;&nbsp; <span class=\"wpcf7-form-control-wrap\" data-name=\"your-email\"><input size=\"40\" class=\"wpcf7-form-control wpcf7-email wpcf7-validates-as-required wpcf7-text wpcf7-validates-as-email\" autocomplete=\"email\" aria-required=\"true\" aria-invalid=\"false\" value=\"\" type=\"email\" name=\"your-email\" \/><\/span> <\/label>\n<\/p>\n<p><label> Objet &nbsp;&nbsp;&nbsp; <span class=\"wpcf7-form-control-wrap\" data-name=\"your-subject\"><input size=\"40\" class=\"wpcf7-form-control wpcf7-text wpcf7-validates-as-required\" aria-required=\"true\" aria-invalid=\"false\" value=\"\" type=\"text\" name=\"your-subject\" \/><\/span> <\/label>\n<\/p>\n<p><label> Votre message<br \/>\n<span class=\"wpcf7-form-control-wrap\" data-name=\"your-message\"><textarea cols=\"40\" rows=\"10\" class=\"wpcf7-form-control wpcf7-textarea wpcf7-validates-as-required\" aria-required=\"true\" aria-invalid=\"false\" name=\"your-message\"><\/textarea><\/span> <\/label>\n<\/p>\n<p><input class=\"wpcf7-form-control wpcf7-submit has-spinner\" type=\"submit\" value=\"Envoyer\" \/>\n<\/p><p style=\"display: none !important;\" class=\"akismet-fields-container\" data-prefix=\"_wpcf7_ak_\"><label>&#916;<textarea name=\"_wpcf7_ak_hp_textarea\" cols=\"45\" rows=\"8\" maxlength=\"100\"><\/textarea><\/label><input type=\"hidden\" id=\"ak_js_1\" name=\"_wpcf7_ak_js\" value=\"99\"\/><script>\ndocument.getElementById( \"ak_js_1\" ).setAttribute( \"value\", ( new Date() ).getTime() );\n<\/script>\n<\/p><div class=\"wpcf7-response-output\" aria-hidden=\"true\"><\/div>\n<\/form>\n<\/div>\n<\/div>\n\n\n\n<p class=\"wp-block-paragraph\"><span style=\"text-decoration: underline;\">Nos coordonn\u00e9es<\/span> :<\/p>\n\n\n\n<p class=\"wp-block-paragraph\">Comit\u00e9 des f\u00eates<br>60 rue de Saint-Denis<br>45560&nbsp;Saint-Denis-en-Val<\/p>\n\n\n\n<p class=\"wp-block-paragraph\">contact@comitedesfetes-stdenisenval.fr<\/p>\n","protected":false},"excerpt":{"rendered":"<p>Vous pouvez nous contacter via les formulaire ci-dessous : Nos coordonn\u00e9es : Comit\u00e9 des f\u00eates60 rue de Saint-Denis45560&nbsp;Saint-Denis-en-Val contact@comitedesfetes-stdenisenval.fr<\/p>\n","protected":false},"author":1,"featured_media":0,"parent":0,"menu_order":0,"comment_status":"closed","ping_status":"closed","template":"","meta":{"footnotes":""},"class_list":["post-11","page","type-page","status-publish","hentry"],"yoast_head":"<!-- This site is optimized with the Yoast SEO plugin v22.7 - https:\/\/yoast.com\/wordpress\/plugins\/seo\/ -->\n<title>Contact - Comit\u00e9 des f\u00eates de Saint-Denis en Val<\/title>\n<meta name=\"robots\" content=\"index, follow, max-snippet:-1, max-image-preview:large, max-video-preview:-1\" \/>\n<link rel=\"canonical\" href=\"https:\/\/comitedesfetes-stdenisenval.fr\/?page_id=11\" \/>\n<meta property=\"og:locale\" content=\"fr_FR\" \/>\n<meta property=\"og:type\" content=\"article\" \/>\n<meta property=\"og:title\" content=\"Contact - Comit\u00e9 des f\u00eates de Saint-Denis en Val\" \/>\n<meta property=\"og:description\" content=\"Vous pouvez nous contacter via les formulaire ci-dessous : Nos coordonn\u00e9es : Comit\u00e9 des f\u00eates60 rue de Saint-Denis45560&nbsp;Saint-Denis-en-Val contact@comitedesfetes-stdenisenval.fr\" \/>\n<meta property=\"og:url\" content=\"https:\/\/comitedesfetes-stdenisenval.fr\/?page_id=11\" \/>\n<meta property=\"og:site_name\" content=\"Comit\u00e9 des f\u00eates de Saint-Denis en Val\" \/>\n<meta property=\"article:modified_time\" content=\"2023-05-02T20:12:45+00:00\" \/>\n<meta name=\"twitter:card\" content=\"summary_large_image\" \/>\n<script type=\"application\/ld+json\" class=\"yoast-schema-graph\">{\"@context\":\"https:\/\/schema.org\",\"@graph\":[{\"@type\":\"WebPage\",\"@id\":\"https:\/\/comitedesfetes-stdenisenval.fr\/?page_id=11\",\"url\":\"https:\/\/comitedesfetes-stdenisenval.fr\/?page_id=11\",\"name\":\"Contact - Comit\u00e9 des f\u00eates de Saint-Denis en Val\",\"isPartOf\":{\"@id\":\"https:\/\/comitedesfetes-stdenisenval.fr\/#website\"},\"datePublished\":\"2023-05-01T20:18:24+00:00\",\"dateModified\":\"2023-05-02T20:12:45+00:00\",\"breadcrumb\":{\"@id\":\"https:\/\/comitedesfetes-stdenisenval.fr\/?page_id=11#breadcrumb\"},\"inLanguage\":\"fr-FR\",\"potentialAction\":[{\"@type\":\"ReadAction\",\"target\":[\"https:\/\/comitedesfetes-stdenisenval.fr\/?page_id=11\"]}]},{\"@type\":\"BreadcrumbList\",\"@id\":\"https:\/\/comitedesfetes-stdenisenval.fr\/?page_id=11#breadcrumb\",\"itemListElement\":[{\"@type\":\"ListItem\",\"position\":1,\"name\":\"Accueil\",\"item\":\"https:\/\/comitedesfetes-stdenisenval.fr\/\"},{\"@type\":\"ListItem\",\"position\":2,\"name\":\"Contact\"}]},{\"@type\":\"WebSite\",\"@id\":\"https:\/\/comitedesfetes-stdenisenval.fr\/#website\",\"url\":\"https:\/\/comitedesfetes-stdenisenval.fr\/\",\"name\":\"Comit\u00e9 des f\u00eates de Saint-Denis en Val\",\"description\":\"\",\"publisher\":{\"@id\":\"https:\/\/comitedesfetes-stdenisenval.fr\/#organization\"},\"potentialAction\":[{\"@type\":\"SearchAction\",\"target\":{\"@type\":\"EntryPoint\",\"urlTemplate\":\"https:\/\/comitedesfetes-stdenisenval.fr\/?s={search_term_string}\"},\"query-input\":\"required name=search_term_string\"}],\"inLanguage\":\"fr-FR\"},{\"@type\":\"Organization\",\"@id\":\"https:\/\/comitedesfetes-stdenisenval.fr\/#organization\",\"name\":\"Comit\u00e9 des f\u00eates de Saint-Denis en Val\",\"url\":\"https:\/\/comitedesfetes-stdenisenval.fr\/\",\"logo\":{\"@type\":\"ImageObject\",\"inLanguage\":\"fr-FR\",\"@id\":\"https:\/\/comitedesfetes-stdenisenval.fr\/#\/schema\/logo\/image\/\",\"url\":\"https:\/\/comitedesfetes-stdenisenval.fr\/wp-content\/uploads\/2023\/03\/cropped-cropped-logo_cdf_stdenis.jpg\",\"contentUrl\":\"https:\/\/comitedesfetes-stdenisenval.fr\/wp-content\/uploads\/2023\/03\/cropped-cropped-logo_cdf_stdenis.jpg\",\"width\":390,\"height\":384,\"caption\":\"Comit\u00e9 des f\u00eates de Saint-Denis en Val\"},\"image\":{\"@id\":\"https:\/\/comitedesfetes-stdenisenval.fr\/#\/schema\/logo\/image\/\"}}]}<\/script>\n<!-- \/ Yoast SEO plugin. -->","yoast_head_json":{"title":"Contact - Comit\u00e9 des f\u00eates de Saint-Denis en Val","robots":{"index":"index","follow":"follow","max-snippet":"max-snippet:-1","max-image-preview":"max-image-preview:large","max-video-preview":"max-video-preview:-1"},"canonical":"https:\/\/comitedesfetes-stdenisenval.fr\/?page_id=11","og_locale":"fr_FR","og_type":"article","og_title":"Contact - Comit\u00e9 des f\u00eates de Saint-Denis en Val","og_description":"Vous pouvez nous contacter via les formulaire ci-dessous : Nos coordonn\u00e9es : Comit\u00e9 des f\u00eates60 rue de Saint-Denis45560&nbsp;Saint-Denis-en-Val contact@comitedesfetes-stdenisenval.fr","og_url":"https:\/\/comitedesfetes-stdenisenval.fr\/?page_id=11","og_site_name":"Comit\u00e9 des f\u00eates de Saint-Denis en Val","article_modified_time":"2023-05-02T20:12:45+00:00","twitter_card":"summary_large_image","schema":{"@context":"https:\/\/schema.org","@graph":[{"@type":"WebPage","@id":"https:\/\/comitedesfetes-stdenisenval.fr\/?page_id=11","url":"https:\/\/comitedesfetes-stdenisenval.fr\/?page_id=11","name":"Contact - Comit\u00e9 des f\u00eates de Saint-Denis en Val","isPartOf":{"@id":"https:\/\/comitedesfetes-stdenisenval.fr\/#website"},"datePublished":"2023-05-01T20:18:24+00:00","dateModified":"2023-05-02T20:12:45+00:00","breadcrumb":{"@id":"https:\/\/comitedesfetes-stdenisenval.fr\/?page_id=11#breadcrumb"},"inLanguage":"fr-FR","potentialAction":[{"@type":"ReadAction","target":["https:\/\/comitedesfetes-stdenisenval.fr\/?page_id=11"]}]},{"@type":"BreadcrumbList","@id":"https:\/\/comitedesfetes-stdenisenval.fr\/?page_id=11#breadcrumb","itemListElement":[{"@type":"ListItem","position":1,"name":"Accueil","item":"https:\/\/comitedesfetes-stdenisenval.fr\/"},{"@type":"ListItem","position":2,"name":"Contact"}]},{"@type":"WebSite","@id":"https:\/\/comitedesfetes-stdenisenval.fr\/#website","url":"https:\/\/comitedesfetes-stdenisenval.fr\/","name":"Comit\u00e9 des f\u00eates de Saint-Denis en Val","description":"","publisher":{"@id":"https:\/\/comitedesfetes-stdenisenval.fr\/#organization"},"potentialAction":[{"@type":"SearchAction","target":{"@type":"EntryPoint","urlTemplate":"https:\/\/comitedesfetes-stdenisenval.fr\/?s={search_term_string}"},"query-input":"required name=search_term_string"}],"inLanguage":"fr-FR"},{"@type":"Organization","@id":"https:\/\/comitedesfetes-stdenisenval.fr\/#organization","name":"Comit\u00e9 des f\u00eates de Saint-Denis en Val","url":"https:\/\/comitedesfetes-stdenisenval.fr\/","logo":{"@type":"ImageObject","inLanguage":"fr-FR","@id":"https:\/\/comitedesfetes-stdenisenval.fr\/#\/schema\/logo\/image\/","url":"https:\/\/comitedesfetes-stdenisenval.fr\/wp-content\/uploads\/2023\/03\/cropped-cropped-logo_cdf_stdenis.jpg","contentUrl":"https:\/\/comitedesfetes-stdenisenval.fr\/wp-content\/uploads\/2023\/03\/cropped-cropped-logo_cdf_stdenis.jpg","width":390,"height":384,"caption":"Comit\u00e9 des f\u00eates de Saint-Denis en Val"},"image":{"@id":"https:\/\/comitedesfetes-stdenisenval.fr\/#\/schema\/logo\/image\/"}}]}},"_links":{"self":[{"href":"https:\/\/comitedesfetes-stdenisenval.fr\/index.php?rest_route=\/wp\/v2\/pages\/11","targetHints":{"allow":["GET"]}}],"collection":[{"href":"https:\/\/comitedesfetes-stdenisenval.fr\/index.php?rest_route=\/wp\/v2\/pages"}],"about":[{"href":"https:\/\/comitedesfetes-stdenisenval.fr\/index.php?rest_route=\/wp\/v2\/types\/page"}],"author":[{"embeddable":true,"href":"https:\/\/comitedesfetes-stdenisenval.fr\/index.php?rest_route=\/wp\/v2\/users\/1"}],"replies":[{"embeddable":true,"href":"https:\/\/comitedesfetes-stdenisenval.fr\/index.php?rest_route=%2Fwp%2Fv2%2Fcomments&post=11"}],"version-history":[{"count":6,"href":"https:\/\/comitedesfetes-stdenisenval.fr\/index.php?rest_route=\/wp\/v2\/pages\/11\/revisions"}],"predecessor-version":[{"id":103,"href":"https:\/\/comitedesfetes-stdenisenval.fr\/index.php?rest_route=\/wp\/v2\/pages\/11\/revisions\/103"}],"wp:attachment":[{"href":"https:\/\/comitedesfetes-stdenisenval.fr\/index.php?rest_route=%2Fwp%2Fv2%2Fmedia&parent=11"}],"curies":[{"name":"wp","href":"https:\/\/api.w.org\/{rel}","templated":true}]}}