{"id":61,"date":"2023-05-01T22:43:55","date_gmt":"2023-05-01T21:43:55","guid":{"rendered":"https:\/\/comitedesfetes-stdenisenval.fr\/?page_id=61"},"modified":"2023-05-02T06:10:54","modified_gmt":"2023-05-02T05:10:54","slug":"agenda","status":"publish","type":"page","link":"https:\/\/comitedesfetes-stdenisenval.fr\/?page_id=61","title":{"rendered":"Agenda"},"content":{"rendered":"<ul class=\"wp-block-latest-posts__list has-dates wp-block-latest-posts is-layout-flow wp-block-latest-posts-is-layout-flow\"><li><a class=\"wp-block-latest-posts__post-title\" href=\"https:\/\/comitedesfetes-stdenisenval.fr\/?p=385\">F\u00eates  de la St Denis<\/a><time datetime=\"2025-07-08T15:33:13+01:00\" class=\"wp-block-latest-posts__post-date\">08\/07\/2025<\/time><div class=\"wp-block-latest-posts__post-excerpt\">Retenez bien les dates du 4 et 5 octobre 2025, pour de beaux moments de festivit\u00e9s et de convivialit\u00e9. Nous organisons, comme chaque ann\u00e9e notre grand vide-greniers, qui remporte toujours un franc succ\u00e8s. Tr\u00e8s bient\u00f4t, sur cette page, vous trouverez les modalit\u00e9s d&rsquo;inscription, ainsi que les dates et endroits o\u00f9 vous pourrez r\u00e9server vos emplacements.<\/div><\/li>\n<li><a class=\"wp-block-latest-posts__post-title\" href=\"https:\/\/comitedesfetes-stdenisenval.fr\/?p=379\">Soir\u00e9e festive le 28 juin de 17h \u00e0 minuit.<\/a><time datetime=\"2025-06-11T08:52:28+01:00\" class=\"wp-block-latest-posts__post-date\">11\/06\/2025<\/time><div class=\"wp-block-latest-posts__post-excerpt\">Venez nombreux !<\/div><\/li>\n<li><a class=\"wp-block-latest-posts__post-title\" href=\"https:\/\/comitedesfetes-stdenisenval.fr\/?p=364\">Soir\u00e9e dansante du 18 janvier 2025<\/a><time datetime=\"2024-11-23T17:49:29+01:00\" class=\"wp-block-latest-posts__post-date\">23\/11\/2024<\/time><div class=\"wp-block-latest-posts__post-excerpt\">Le comit\u00e9 des f\u00eates organise, le 18 janvier 2025,\u00e0 20h30, \u00e0 la salle des f\u00eates Pierre Lanson, une grande soir\u00e9e dansante, anim\u00e9e par l&rsquo;Orchestre ABSOLU ( tous styles musicaux ). L&rsquo;entr\u00e9e sera payante ( 10\u20ac, 5\u20ac pour les 11-18 ans, gratuit jusqu&rsquo;\u00e0 10 ans). Buvette et patisseries sur place. Bonne ambiance assur\u00e9e. Ci dessous, vous trouverez le bulletin d&rsquo;inscription. Nous vous attendons nombreux !<\/div><\/li>\n<li><a class=\"wp-block-latest-posts__post-title\" href=\"https:\/\/comitedesfetes-stdenisenval.fr\/?p=356\">F\u00eate de la St Denis. Programme des animations<\/a><time datetime=\"2024-08-29T19:37:33+01:00\" class=\"wp-block-latest-posts__post-date\">29\/08\/2024<\/time><div class=\"wp-block-latest-posts__post-excerpt\">Samedi 5 octobre de 14h \u00e0 17h : jeux pour les enfants de moins de 12 ans, avec gouter et boisson offerts. Dimanche 6 octobre de 8h \u00e0 19h : vide grenier, exposition de commer\u00e7ants et artisans. Exposition \u00e0 la salle de la Montjoie ( La vie de Petit Pierre, et ateliers et traditions populaires, par la Maison des Provinces). Toute la journ\u00e9e, buvette, restauration, et cr\u00e8pes !!! Pr\u00e9sence de notre habituel et excellent fabricant de boudin (avis aux amateurs) ! D\u00e9ambulations de la compagnie Karnavage (musique, fantaisie, jonglage et bonne humeur). Et bien entendu, la traditionnelle f\u00eate foraine sera ouverte le samedi apr\u00e8s-midi et dimanche toute la journ\u00e9e. Nous vous attendons tous, tr\u00e8s nombreux !!! A bient\u00f4t !<\/div><\/li>\n<li><a class=\"wp-block-latest-posts__post-title\" href=\"https:\/\/comitedesfetes-stdenisenval.fr\/?p=350\">F\u00eate de la St Denis.<\/a><time datetime=\"2024-08-29T09:59:04+01:00\" class=\"wp-block-latest-posts__post-date\">29\/08\/2024<\/time><div class=\"wp-block-latest-posts__post-excerpt\">Organisation du vide greniers : Le r\u00e8glement du vide grenier, ainsi que le bulletin d&rsquo;inscription se trouvent ci-dessous. (Cliquez sur le titre pour acc\u00e9der aux documents.) Inscriptions aux permanences du Comit\u00e9 \u00e0 la grange, rue de la Morpoix, voir les dates et horaires sur le r\u00e8glement int\u00e9rieur.<\/div><\/li>\n<\/ul>","protected":false},"excerpt":{"rendered":"","protected":false},"author":1,"featured_media":0,"parent":0,"menu_order":0,"comment_status":"closed","ping_status":"closed","template":"","meta":{"footnotes":""},"class_list":["post-61","page","type-page","status-publish","hentry"],"yoast_head":"<!-- This site is optimized with the Yoast SEO plugin v22.7 - https:\/\/yoast.com\/wordpress\/plugins\/seo\/ -->\n<title>Agenda - Comit\u00e9 des f\u00eates de Saint-Denis en Val<\/title>\n<meta name=\"robots\" content=\"index, follow, max-snippet:-1, max-image-preview:large, max-video-preview:-1\" \/>\n<link rel=\"canonical\" href=\"https:\/\/comitedesfetes-stdenisenval.fr\/?page_id=61\" \/>\n<meta property=\"og:locale\" content=\"fr_FR\" \/>\n<meta property=\"og:type\" content=\"article\" \/>\n<meta property=\"og:title\" content=\"Agenda - Comit\u00e9 des f\u00eates de Saint-Denis en Val\" \/>\n<meta property=\"og:url\" content=\"https:\/\/comitedesfetes-stdenisenval.fr\/?page_id=61\" \/>\n<meta property=\"og:site_name\" content=\"Comit\u00e9 des f\u00eates de Saint-Denis en Val\" \/>\n<meta property=\"article:modified_time\" content=\"2023-05-02T05:10:54+00:00\" \/>\n<meta name=\"twitter:card\" content=\"summary_large_image\" \/>\n<script type=\"application\/ld+json\" class=\"yoast-schema-graph\">{\"@context\":\"https:\/\/schema.org\",\"@graph\":[{\"@type\":\"WebPage\",\"@id\":\"https:\/\/comitedesfetes-stdenisenval.fr\/?page_id=61\",\"url\":\"https:\/\/comitedesfetes-stdenisenval.fr\/?page_id=61\",\"name\":\"Agenda - Comit\u00e9 des f\u00eates de Saint-Denis en Val\",\"isPartOf\":{\"@id\":\"https:\/\/comitedesfetes-stdenisenval.fr\/#website\"},\"datePublished\":\"2023-05-01T21:43:55+00:00\",\"dateModified\":\"2023-05-02T05:10:54+00:00\",\"breadcrumb\":{\"@id\":\"https:\/\/comitedesfetes-stdenisenval.fr\/?page_id=61#breadcrumb\"},\"inLanguage\":\"fr-FR\",\"potentialAction\":[{\"@type\":\"ReadAction\",\"target\":[\"https:\/\/comitedesfetes-stdenisenval.fr\/?page_id=61\"]}]},{\"@type\":\"BreadcrumbList\",\"@id\":\"https:\/\/comitedesfetes-stdenisenval.fr\/?page_id=61#breadcrumb\",\"itemListElement\":[{\"@type\":\"ListItem\",\"position\":1,\"name\":\"Accueil\",\"item\":\"https:\/\/comitedesfetes-stdenisenval.fr\/\"},{\"@type\":\"ListItem\",\"position\":2,\"name\":\"Agenda\"}]},{\"@type\":\"WebSite\",\"@id\":\"https:\/\/comitedesfetes-stdenisenval.fr\/#website\",\"url\":\"https:\/\/comitedesfetes-stdenisenval.fr\/\",\"name\":\"Comit\u00e9 des f\u00eates de Saint-Denis en Val\",\"description\":\"\",\"publisher\":{\"@id\":\"https:\/\/comitedesfetes-stdenisenval.fr\/#organization\"},\"potentialAction\":[{\"@type\":\"SearchAction\",\"target\":{\"@type\":\"EntryPoint\",\"urlTemplate\":\"https:\/\/comitedesfetes-stdenisenval.fr\/?s={search_term_string}\"},\"query-input\":\"required name=search_term_string\"}],\"inLanguage\":\"fr-FR\"},{\"@type\":\"Organization\",\"@id\":\"https:\/\/comitedesfetes-stdenisenval.fr\/#organization\",\"name\":\"Comit\u00e9 des f\u00eates de Saint-Denis en Val\",\"url\":\"https:\/\/comitedesfetes-stdenisenval.fr\/\",\"logo\":{\"@type\":\"ImageObject\",\"inLanguage\":\"fr-FR\",\"@id\":\"https:\/\/comitedesfetes-stdenisenval.fr\/#\/schema\/logo\/image\/\",\"url\":\"https:\/\/comitedesfetes-stdenisenval.fr\/wp-content\/uploads\/2023\/03\/cropped-cropped-logo_cdf_stdenis.jpg\",\"contentUrl\":\"https:\/\/comitedesfetes-stdenisenval.fr\/wp-content\/uploads\/2023\/03\/cropped-cropped-logo_cdf_stdenis.jpg\",\"width\":390,\"height\":384,\"caption\":\"Comit\u00e9 des f\u00eates de Saint-Denis en Val\"},\"image\":{\"@id\":\"https:\/\/comitedesfetes-stdenisenval.fr\/#\/schema\/logo\/image\/\"}}]}<\/script>\n<!-- \/ Yoast SEO plugin. -->","yoast_head_json":{"title":"Agenda - Comit\u00e9 des f\u00eates de Saint-Denis en Val","robots":{"index":"index","follow":"follow","max-snippet":"max-snippet:-1","max-image-preview":"max-image-preview:large","max-video-preview":"max-video-preview:-1"},"canonical":"https:\/\/comitedesfetes-stdenisenval.fr\/?page_id=61","og_locale":"fr_FR","og_type":"article","og_title":"Agenda - Comit\u00e9 des f\u00eates de Saint-Denis en Val","og_url":"https:\/\/comitedesfetes-stdenisenval.fr\/?page_id=61","og_site_name":"Comit\u00e9 des f\u00eates de Saint-Denis en Val","article_modified_time":"2023-05-02T05:10:54+00:00","twitter_card":"summary_large_image","schema":{"@context":"https:\/\/schema.org","@graph":[{"@type":"WebPage","@id":"https:\/\/comitedesfetes-stdenisenval.fr\/?page_id=61","url":"https:\/\/comitedesfetes-stdenisenval.fr\/?page_id=61","name":"Agenda - Comit\u00e9 des f\u00eates de Saint-Denis en Val","isPartOf":{"@id":"https:\/\/comitedesfetes-stdenisenval.fr\/#website"},"datePublished":"2023-05-01T21:43:55+00:00","dateModified":"2023-05-02T05:10:54+00:00","breadcrumb":{"@id":"https:\/\/comitedesfetes-stdenisenval.fr\/?page_id=61#breadcrumb"},"inLanguage":"fr-FR","potentialAction":[{"@type":"ReadAction","target":["https:\/\/comitedesfetes-stdenisenval.fr\/?page_id=61"]}]},{"@type":"BreadcrumbList","@id":"https:\/\/comitedesfetes-stdenisenval.fr\/?page_id=61#breadcrumb","itemListElement":[{"@type":"ListItem","position":1,"name":"Accueil","item":"https:\/\/comitedesfetes-stdenisenval.fr\/"},{"@type":"ListItem","position":2,"name":"Agenda"}]},{"@type":"WebSite","@id":"https:\/\/comitedesfetes-stdenisenval.fr\/#website","url":"https:\/\/comitedesfetes-stdenisenval.fr\/","name":"Comit\u00e9 des f\u00eates de Saint-Denis en Val","description":"","publisher":{"@id":"https:\/\/comitedesfetes-stdenisenval.fr\/#organization"},"potentialAction":[{"@type":"SearchAction","target":{"@type":"EntryPoint","urlTemplate":"https:\/\/comitedesfetes-stdenisenval.fr\/?s={search_term_string}"},"query-input":"required name=search_term_string"}],"inLanguage":"fr-FR"},{"@type":"Organization","@id":"https:\/\/comitedesfetes-stdenisenval.fr\/#organization","name":"Comit\u00e9 des f\u00eates de Saint-Denis en Val","url":"https:\/\/comitedesfetes-stdenisenval.fr\/","logo":{"@type":"ImageObject","inLanguage":"fr-FR","@id":"https:\/\/comitedesfetes-stdenisenval.fr\/#\/schema\/logo\/image\/","url":"https:\/\/comitedesfetes-stdenisenval.fr\/wp-content\/uploads\/2023\/03\/cropped-cropped-logo_cdf_stdenis.jpg","contentUrl":"https:\/\/comitedesfetes-stdenisenval.fr\/wp-content\/uploads\/2023\/03\/cropped-cropped-logo_cdf_stdenis.jpg","width":390,"height":384,"caption":"Comit\u00e9 des f\u00eates de Saint-Denis en Val"},"image":{"@id":"https:\/\/comitedesfetes-stdenisenval.fr\/#\/schema\/logo\/image\/"}}]}},"_links":{"self":[{"href":"https:\/\/comitedesfetes-stdenisenval.fr\/index.php?rest_route=\/wp\/v2\/pages\/61","targetHints":{"allow":["GET"]}}],"collection":[{"href":"https:\/\/comitedesfetes-stdenisenval.fr\/index.php?rest_route=\/wp\/v2\/pages"}],"about":[{"href":"https:\/\/comitedesfetes-stdenisenval.fr\/index.php?rest_route=\/wp\/v2\/types\/page"}],"author":[{"embeddable":true,"href":"https:\/\/comitedesfetes-stdenisenval.fr\/index.php?rest_route=\/wp\/v2\/users\/1"}],"replies":[{"embeddable":true,"href":"https:\/\/comitedesfetes-stdenisenval.fr\/index.php?rest_route=%2Fwp%2Fv2%2Fcomments&post=61"}],"version-history":[{"count":2,"href":"https:\/\/comitedesfetes-stdenisenval.fr\/index.php?rest_route=\/wp\/v2\/pages\/61\/revisions"}],"predecessor-version":[{"id":65,"href":"https:\/\/comitedesfetes-stdenisenval.fr\/index.php?rest_route=\/wp\/v2\/pages\/61\/revisions\/65"}],"wp:attachment":[{"href":"https:\/\/comitedesfetes-stdenisenval.fr\/index.php?rest_route=%2Fwp%2Fv2%2Fmedia&parent=61"}],"curies":[{"name":"wp","href":"https:\/\/api.w.org\/{rel}","templated":true}]}}